{"id":758,"date":"2021-09-02T23:16:21","date_gmt":"2021-09-02T21:16:21","guid":{"rendered":"https:\/\/francois-bousch.net\/compositeur\/?page_id=758"},"modified":"2021-09-06T17:52:12","modified_gmt":"2021-09-06T15:52:12","slug":"accueil","status":"publish","type":"page","link":"https:\/\/francois-bousch.net\/compositeur\/","title":{"rendered":"Accueil"},"content":{"rendered":"\n<div class=\"wp-block-query is-layout-flow wp-block-query-is-layout-flow\">\n<p>Compositeur et p\u00e9dagogue, n\u00e9 \u00e0 Paris en 1946, <strong>Fran\u00e7ois BOUSCH<\/strong> \u00e9tudie au CNSMD de Paris notamment avec Jean-Pierre <strong>GU\u00c9ZEC<\/strong>, Claude <strong>BALLIF<\/strong>, Betsy <strong>JOLAS<\/strong> et Olivier <strong>MESSIAEN<\/strong>.<br><em><strong>Pensionnaire \u00e0 l\u2019Acad\u00e9mie de France \u00e0 Rome<\/strong><\/em> (Grand Prix de Rome), Prix Roger <strong>DUCASSE<\/strong> et Prix Georges <strong>ENESCO<\/strong>, il est \u00e9lev\u00e9 au rang de <em><strong>Chevalier des Arts et des Lettres<\/strong><\/em> par le Ministre de la Culture.<\/p>\n\n\n\n<p><strong><em>Sculpter la mati\u00e8re sonore<\/em><\/strong>, la sonder, l\u2019\u00e9couter dans son intimit\u00e9, telle est la d\u00e9marche artistique que propose <em>Fran\u00e7ois BOUSCH<\/em>.<br><em>Sa musique<\/em> \u00e9crite et\/ou improvis\u00e9e, utilisant tant les moyens vocaux, instrumentaux qu\u2019\u00e9lectroniques, sugg\u00e8re une po\u00e9sie onirique faite d&rsquo;ombres, de lueurs et de franges, d&rsquo;impressions fugaces et mouvantes, de silences et d\u2019\u00e9motions.<\/p>\n\n\n\n<p class=\"no-line\"><a href=\"https:\/\/francois-bousch.net\/compositeur\/biographie\/\" data-type=\"page\" data-id=\"520\">\u00bb lire la suite<\/a><\/p>\n<\/div>\n\n\n\n<div style=\"height:30px\" aria-hidden=\"true\" class=\"wp-block-spacer\"><\/div>\n\n\n\n<h2 class=\"border-line uag-hide-mob wp-block-heading\">Cr\u00e9ations r\u00e9centes<\/h2>\n\n\n<div class=\"wpv-view-output\" data-toolset-views-view-editor=\"4fc5fc1e346a28d3174f013c2ba92d2a\">\n<div class=\"wp-block-toolset-views-view-editor wpv-gutenberg-view-wrapper-776 uag-hide-mob\">\n\n\n<div id=\"wpv-view-layout-776\" class=\"js-wpv-view-layout js-wpv-layout-responsive js-wpv-view-layout-776\" data-viewnumber=\"776\" data-pagination=\"{&quot;id&quot;:&quot;776&quot;,&quot;query&quot;:&quot;normal&quot;,&quot;type&quot;:&quot;disabled&quot;,&quot;effect&quot;:&quot;fade&quot;,&quot;duration&quot;:500,&quot;speed&quot;:5,&quot;pause_on_hover&quot;:&quot;enabled&quot;,&quot;stop_rollover&quot;:&quot;false&quot;,&quot;cache_pages&quot;:&quot;enabled&quot;,&quot;preload_images&quot;:&quot;enabled&quot;,&quot;preload_pages&quot;:&quot;enabled&quot;,&quot;preload_reach&quot;:1,&quot;spinner&quot;:&quot;builtin&quot;,&quot;spinner_image&quot;:&quot;https:\/\/francois-bousch.net\/compositeur\/wp-content\/plugins\/wp-views\/embedded\/res\/img\/ajax-loader.gif&quot;,&quot;callback_next&quot;:&quot;&quot;,&quot;manage_history&quot;:&quot;enabled&quot;,&quot;has_controls_in_form&quot;:&quot;disabled&quot;,&quot;infinite_tolerance&quot;:&quot;0&quot;,&quot;max_pages&quot;:1,&quot;page&quot;:1,&quot;base_permalink&quot;:&quot;\/compositeur\/wp-json\/wp\/v2\/pages\/758?wpv_view_count=776&amp;wpv_paged=WPV_PAGE_NUM&quot;,&quot;loop&quot;:{&quot;type&quot;:&quot;&quot;,&quot;name&quot;:&quot;&quot;,&quot;data&quot;:[],&quot;id&quot;:0}}\" data-permalink=\"\/compositeur\/wp-json\/wp\/v2\/pages\/758?wpv_view_count=776\">\n\n\t\n\t\n\t\n\t\t\n\t\t<div class=\"row \">\n\t\t\t<div class=\"col-md-6\"><h3 class=\"no-line\"><a href=\"https:\/\/francois-bousch.net\/compositeur\/compositions\/liu\/\">Liu (2013)<\/a><\/h3>\n\n\nMaison des Pratiques Artistiques Amateurs de Paris\n<p><div class=\"page\" title=\"Page 2\">\n<div class=\"layoutArea\">\n<div class=\"column\">\n<p>La symbolique du I Ching est a\u0300 l\u2019origine de Liu pour saxophone alto, sons fixe\u0301s ou e\u0301lectronique. Cet hexagramme repre\u0301sente la marche, l\u2019e\u0301lan et la meilleure fac\u0327on de progresser, symbolise\u0301e ici par l\u2019association de \u00ab K\u2019ien \u00bb le ciel et \u00ab Touei \u00bb le joyeux, sorte de rapport entre le professeur et son e\u0301le\u0300ve.<\/p>\n<p>Elle m\u2019a e\u0301te\u0301 commande\u0301e par la Maison des Pratiques Artistiques Amateurs a\u0300 l\u2019occasion de la cre\u0301ation de \u00ab Jeux \u00bb, spectacle conc\u0327u dans le cadre de l\u2019atelier cre\u0301ation sonore et musicale, et cre\u0301e\u0301e par Jean- Se\u0301bastien LA TOUR, saxophoniste talentueux.<\/p>\n<p>Cette pie\u0300ce se de\u0301cline en trois versions et re\u0301pond a\u0300 de nombreuses situations pe\u0301dagogiques :<\/p>\n<ul>\n<li>Saxophone alto et sons fixe\u0301s : l\u2019e\u0301le\u0300ve accompagne\u0301 par les sons fixe\u0301s, repe\u0300res pre\u0301cieux pourson interpre\u0301tation,<\/li>\n<li>Duo de saxophones alto et sons fixe\u0301s : l\u2019e\u0301le\u0300ve et son professeur (ou un e\u0301le\u0300ve plus avance\u0301)accompagne\u0301s par les sons fixe\u0301s,<\/li>\n<li>Saxophone alto et e\u0301lectronique : l\u2019e\u0301le\u0300ve seul, qui ge\u0301ne\u0300re son accompagnement a\u0300 l\u2019aide de l\u2019e\u0301lectronique (programme Max\/MSP).<br \/>\nLe professeur a e\u0301galement la possibilite\u0301 d\u2019effectuer des \u00ab coupures \u00bb, c\u2019est a\u0300 dire d\u2019omettre certaines parties, pour mieux adapter l\u2019e\u0301tude de l\u2019\u0153uvre aux possibilite\u0301s de l\u2019e\u0301le\u0300ve.<br \/>\nEn ce qui concerne la troisie\u0300me version, la partie e\u0301lectronique peut e\u0302tre re\u0301alise\u0301e, le cas e\u0301che\u0301ant, par les e\u0301le\u0300ves de la classe d\u2019e\u0301lectro-acoustique sous la conduite de leur professeur en utilisant par exemple le logiciel Max\/MSP.Liu a e\u0301te\u0301 e\u0301crite a\u0300 l\u2019attention d\u2019e\u0301le\u0300ves en premier cycle d\u2019e\u0301tudes des conservatoires.Elle est de\u0301die\u0301e a\u0300 Claude GEORGEL, saxophoniste a\u0300 l\u2019immense talent qui a mene\u0301 une action pe\u0301dagogique conside\u0301rable et dirige une collection de pie\u0300ces pour saxophone avec ou sans e\u0301lectronique aux e\u0301ditions Alphonse LEDUC.Franc\u0327ois BOUSCH Avril 2013<\/li>\n<\/ul>\n<\/div>\n<\/div>\n<\/div>\n<\/p>\n6 mn 30<br \/>\n<a href=\"https:\/\/francois-bousch.net\/compositeur\/compositions\/liu\/\">lire la suite<\/a><\/div>\n\t\t\n\t\t\n\t\t\t<div class=\"col-md-6\"><h3 class=\"no-line\"><a href=\"https:\/\/francois-bousch.net\/compositeur\/compositions\/kiku-2017\/\">Kiku (2017)<\/a><\/h3>\n\n\n\n<p><div class=\"page\" title=\"Page 2\">\n<div class=\"layoutArea\">\n<div class=\"column\">\n<p>Cre\u0301ation le 20 janvier 2018, au Grand Auditorium de la Bibliothe\u0300que Nationale de France a\u0300 Paris, par l\u2019ensemble Unis-sons sous la direction de Jean Louis VICART,<br \/>\ndans le cadre de la 15\u00b0 e\u0301dition de la Semaine du Son.<\/p>\n<p>Participer a\u0300 une \u0153uvre collective, en relais, est pour moi une aventure aussi difficile que passionnante. Regrouper les compositeurs honore\u0301s a\u0300 maintes reprises par l\u2019ami Jean-Louis VICART pour re\u0301aliser cet OSNI musical (Objet sonore non identifiable) est une occasion a\u0300 ne pas manquer !<\/p>\n<p>Mais comment faire ? Quel the\u0300me choisir ?<\/p>\n<p>Pour ma modeste contribution j\u2019ai essaye\u0301 de m\u2019appuyer sur quelques symboles, toujours riches en sous-entendus, et repre\u0301sentatifs de l\u2019itine\u0301raire du de\u0301dicataire. J\u2019ai choisi le symbole de la fleur, et particulie\u0300rement celui, emble\u0300me de la maison impe\u0301riale du Japon reconnu pour ses proprie\u0301te\u0301s favorisant la longe\u0301vite\u0301, le chrysanthe\u0300me. La forme de sa fleur est re\u0301gulie\u0300re et ses pe\u0301tales sont dispose\u0301s a\u0300 la fac\u0327on des rayons du soleil. Ils figurent une rose des vents signe d\u2019espace et de rayonnement.<\/p>\n<p>Le nom japonais de cette fleur est \u00ab Kiku \u00bb. Il est associe\u0301 aux notions de dure\u0301e, de permanence, de stabilite\u0301, symbole de joie, de beaute\u0301 et de perfection.<\/p>\n<p>L\u2019\u0153uvre qui sera ainsi compose\u0301e par ces compositeurs se pre\u0301sentera comme un ve\u0301ritable bouquet d\u2019harmonies de parfums et de couleurs.<\/p>\n<p>Souhaitons a\u0300 Jean-Louis de de\u0301guster notre OSNI avec de\u0301lectation ! En toute amitie\u0301,<\/p>\n<p>Franc\u0327ois Bousch<\/p>\n<\/div>\n<\/div>\n<\/div>\n<\/p>\n2 mn environ<br \/>\n<a href=\"https:\/\/francois-bousch.net\/compositeur\/compositions\/kiku-2017\/\">lire la suite<\/a><\/div>\n\t\t<\/div>\n\t\t\n\t\n\t\n\t\n<\/div>\n<\/div>\n<\/div>","protected":false},"excerpt":{"rendered":"<p>Cr\u00e9ations r\u00e9centes<\/p>\n","protected":false},"author":1,"featured_media":0,"parent":0,"menu_order":0,"comment_status":"closed","ping_status":"closed","template":"","meta":{"site-sidebar-layout":"default","site-content-layout":"default","ast-site-content-layout":"default","site-content-style":"default","site-sidebar-style":"default","ast-global-header-display":"","ast-banner-title-visibility":"","ast-main-header-display":"","ast-hfb-above-header-display":"","ast-hfb-below-header-display":"","ast-hfb-mobile-header-display":"","site-post-title":"disabled","ast-breadcrumbs-content":"","ast-featured-img":"","footer-sml-layout":"","theme-transparent-header-meta":"default","adv-header-id-meta":"","stick-header-meta":"","header-above-stick-meta":"","header-main-stick-meta":"","header-below-stick-meta":"","astra-migrate-meta-layouts":"default","ast-page-background-enabled":"default","ast-page-background-meta":{"desktop":{"background-color":"var(--ast-global-color-4)","background-image":"","background-repeat":"repeat","background-position":"center center","background-size":"auto","background-attachment":"scroll","background-type":"","background-media":"","overlay-type":"","overlay-color":"","overlay-opacity":"","overlay-gradient":""},"tablet":{"background-color":"","background-image":"","background-repeat":"repeat","background-position":"center center","background-size":"auto","background-attachment":"scroll","background-type":"","background-media":"","overlay-type":"","overlay-color":"","overlay-opacity":"","overlay-gradient":""},"mobile":{"background-color":"","background-image":"","background-repeat":"repeat","background-position":"center center","background-size":"auto","background-attachment":"scroll","background-type":"","background-media":"","overlay-type":"","overlay-color":"","overlay-opacity":"","overlay-gradient":""}},"ast-content-background-meta":{"desktop":{"background-color":"var(--ast-global-color-5)","background-image":"","background-repeat":"repeat","background-position":"center center","background-size":"auto","background-attachment":"scroll","background-type":"","background-media":"","overlay-type":"","overlay-color":"","overlay-opacity":"","overlay-gradient":""},"tablet":{"background-color":"var(--ast-global-color-5)","background-image":"","background-repeat":"repeat","background-position":"center center","background-size":"auto","background-attachment":"scroll","background-type":"","background-media":"","overlay-type":"","overlay-color":"","overlay-opacity":"","overlay-gradient":""},"mobile":{"background-color":"var(--ast-global-color-5)","background-image":"","background-repeat":"repeat","background-position":"center center","background-size":"auto","background-attachment":"scroll","background-type":"","background-media":"","overlay-type":"","overlay-color":"","overlay-opacity":"","overlay-gradient":""}},"footnotes":""},"class_list":["post-758","page","type-page","status-publish","hentry"],"yoast_head":"<!-- This site is optimized with the Yoast SEO plugin v27.5 - https:\/\/yoast.com\/product\/yoast-seo-wordpress\/ -->\n<title>Accueil - Fran\u00e7ois BOUSCH<\/title>\n<meta name=\"robots\" content=\"index, follow, max-snippet:-1, max-image-preview:large, max-video-preview:-1\" \/>\n<link rel=\"canonical\" href=\"https:\/\/francois-bousch.net\/compositeur\/\" \/>\n<meta property=\"og:locale\" content=\"fr_FR\" \/>\n<meta property=\"og:type\" content=\"article\" \/>\n<meta property=\"og:title\" content=\"Accueil - Fran\u00e7ois BOUSCH\" \/>\n<meta property=\"og:description\" content=\"Cr\u00e9ations r\u00e9centes\" \/>\n<meta property=\"og:url\" content=\"https:\/\/francois-bousch.net\/compositeur\/\" \/>\n<meta property=\"og:site_name\" content=\"Fran\u00e7ois BOUSCH\" \/>\n<meta property=\"article:modified_time\" content=\"2021-09-06T15:52:12+00:00\" \/>\n<meta name=\"twitter:card\" content=\"summary_large_image\" \/>\n<meta name=\"twitter:label1\" content=\"Dur\u00e9e de lecture estim\u00e9e\" \/>\n\t<meta name=\"twitter:data1\" content=\"1 minute\" \/>\n<script type=\"application\/ld+json\" class=\"yoast-schema-graph\">{\"@context\":\"https:\\\/\\\/schema.org\",\"@graph\":[{\"@type\":\"WebPage\",\"@id\":\"https:\\\/\\\/francois-bousch.net\\\/compositeur\\\/\",\"url\":\"https:\\\/\\\/francois-bousch.net\\\/compositeur\\\/\",\"name\":\"Accueil - Fran\u00e7ois BOUSCH\",\"isPartOf\":{\"@id\":\"https:\\\/\\\/francois-bousch.net\\\/compositeur\\\/#website\"},\"datePublished\":\"2021-09-02T21:16:21+00:00\",\"dateModified\":\"2021-09-06T15:52:12+00:00\",\"breadcrumb\":{\"@id\":\"https:\\\/\\\/francois-bousch.net\\\/compositeur\\\/#breadcrumb\"},\"inLanguage\":\"fr-FR\",\"potentialAction\":[{\"@type\":\"ReadAction\",\"target\":[\"https:\\\/\\\/francois-bousch.net\\\/compositeur\\\/\"]}]},{\"@type\":\"BreadcrumbList\",\"@id\":\"https:\\\/\\\/francois-bousch.net\\\/compositeur\\\/#breadcrumb\",\"itemListElement\":[{\"@type\":\"ListItem\",\"position\":1,\"name\":\"Accueil\",\"item\":\"https:\\\/\\\/francois-bousch.net\\\/compositeur\\\/\"},{\"@type\":\"ListItem\",\"position\":2,\"name\":\"Accueil\"}]},{\"@type\":\"WebSite\",\"@id\":\"https:\\\/\\\/francois-bousch.net\\\/compositeur\\\/#website\",\"url\":\"https:\\\/\\\/francois-bousch.net\\\/compositeur\\\/\",\"name\":\"Fran\u00e7ois BOUSCH\",\"description\":\"Compositeur | Musique contemporaine\",\"publisher\":{\"@id\":\"https:\\\/\\\/francois-bousch.net\\\/compositeur\\\/#\\\/schema\\\/person\\\/e485a4bc6378740a3986576819488fcf\"},\"potentialAction\":[{\"@type\":\"SearchAction\",\"target\":{\"@type\":\"EntryPoint\",\"urlTemplate\":\"https:\\\/\\\/francois-bousch.net\\\/compositeur\\\/?s={search_term_string}\"},\"query-input\":{\"@type\":\"PropertyValueSpecification\",\"valueRequired\":true,\"valueName\":\"search_term_string\"}}],\"inLanguage\":\"fr-FR\"},{\"@type\":[\"Person\",\"Organization\"],\"@id\":\"https:\\\/\\\/francois-bousch.net\\\/compositeur\\\/#\\\/schema\\\/person\\\/e485a4bc6378740a3986576819488fcf\",\"name\":\"Francois\",\"image\":{\"@type\":\"ImageObject\",\"inLanguage\":\"fr-FR\",\"@id\":\"https:\\\/\\\/francois-bousch.net\\\/compositeur\\\/wp-content\\\/uploads\\\/logo.png\",\"url\":\"https:\\\/\\\/francois-bousch.net\\\/compositeur\\\/wp-content\\\/uploads\\\/logo.png\",\"contentUrl\":\"https:\\\/\\\/francois-bousch.net\\\/compositeur\\\/wp-content\\\/uploads\\\/logo.png\",\"width\":230,\"height\":449,\"caption\":\"Francois\"},\"logo\":{\"@id\":\"https:\\\/\\\/francois-bousch.net\\\/compositeur\\\/wp-content\\\/uploads\\\/logo.png\"},\"sameAs\":[\"https:\\\/\\\/francois-bousch.net\"]}]}<\/script>\n<!-- \/ Yoast SEO plugin. -->","yoast_head_json":{"title":"Accueil - Fran\u00e7ois BOUSCH","robots":{"index":"index","follow":"follow","max-snippet":"max-snippet:-1","max-image-preview":"max-image-preview:large","max-video-preview":"max-video-preview:-1"},"canonical":"https:\/\/francois-bousch.net\/compositeur\/","og_locale":"fr_FR","og_type":"article","og_title":"Accueil - Fran\u00e7ois BOUSCH","og_description":"Cr\u00e9ations r\u00e9centes","og_url":"https:\/\/francois-bousch.net\/compositeur\/","og_site_name":"Fran\u00e7ois BOUSCH","article_modified_time":"2021-09-06T15:52:12+00:00","twitter_card":"summary_large_image","twitter_misc":{"Dur\u00e9e de lecture estim\u00e9e":"1 minute"},"schema":{"@context":"https:\/\/schema.org","@graph":[{"@type":"WebPage","@id":"https:\/\/francois-bousch.net\/compositeur\/","url":"https:\/\/francois-bousch.net\/compositeur\/","name":"Accueil - Fran\u00e7ois BOUSCH","isPartOf":{"@id":"https:\/\/francois-bousch.net\/compositeur\/#website"},"datePublished":"2021-09-02T21:16:21+00:00","dateModified":"2021-09-06T15:52:12+00:00","breadcrumb":{"@id":"https:\/\/francois-bousch.net\/compositeur\/#breadcrumb"},"inLanguage":"fr-FR","potentialAction":[{"@type":"ReadAction","target":["https:\/\/francois-bousch.net\/compositeur\/"]}]},{"@type":"BreadcrumbList","@id":"https:\/\/francois-bousch.net\/compositeur\/#breadcrumb","itemListElement":[{"@type":"ListItem","position":1,"name":"Accueil","item":"https:\/\/francois-bousch.net\/compositeur\/"},{"@type":"ListItem","position":2,"name":"Accueil"}]},{"@type":"WebSite","@id":"https:\/\/francois-bousch.net\/compositeur\/#website","url":"https:\/\/francois-bousch.net\/compositeur\/","name":"Fran\u00e7ois BOUSCH","description":"Compositeur | Musique contemporaine","publisher":{"@id":"https:\/\/francois-bousch.net\/compositeur\/#\/schema\/person\/e485a4bc6378740a3986576819488fcf"},"potentialAction":[{"@type":"SearchAction","target":{"@type":"EntryPoint","urlTemplate":"https:\/\/francois-bousch.net\/compositeur\/?s={search_term_string}"},"query-input":{"@type":"PropertyValueSpecification","valueRequired":true,"valueName":"search_term_string"}}],"inLanguage":"fr-FR"},{"@type":["Person","Organization"],"@id":"https:\/\/francois-bousch.net\/compositeur\/#\/schema\/person\/e485a4bc6378740a3986576819488fcf","name":"Francois","image":{"@type":"ImageObject","inLanguage":"fr-FR","@id":"https:\/\/francois-bousch.net\/compositeur\/wp-content\/uploads\/logo.png","url":"https:\/\/francois-bousch.net\/compositeur\/wp-content\/uploads\/logo.png","contentUrl":"https:\/\/francois-bousch.net\/compositeur\/wp-content\/uploads\/logo.png","width":230,"height":449,"caption":"Francois"},"logo":{"@id":"https:\/\/francois-bousch.net\/compositeur\/wp-content\/uploads\/logo.png"},"sameAs":["https:\/\/francois-bousch.net"]}]}},"_links":{"self":[{"href":"https:\/\/francois-bousch.net\/compositeur\/wp-json\/wp\/v2\/pages\/758","targetHints":{"allow":["GET"]}}],"collection":[{"href":"https:\/\/francois-bousch.net\/compositeur\/wp-json\/wp\/v2\/pages"}],"about":[{"href":"https:\/\/francois-bousch.net\/compositeur\/wp-json\/wp\/v2\/types\/page"}],"author":[{"embeddable":true,"href":"https:\/\/francois-bousch.net\/compositeur\/wp-json\/wp\/v2\/users\/1"}],"replies":[{"embeddable":true,"href":"https:\/\/francois-bousch.net\/compositeur\/wp-json\/wp\/v2\/comments?post=758"}],"version-history":[{"count":21,"href":"https:\/\/francois-bousch.net\/compositeur\/wp-json\/wp\/v2\/pages\/758\/revisions"}],"predecessor-version":[{"id":1528,"href":"https:\/\/francois-bousch.net\/compositeur\/wp-json\/wp\/v2\/pages\/758\/revisions\/1528"}],"wp:attachment":[{"href":"https:\/\/francois-bousch.net\/compositeur\/wp-json\/wp\/v2\/media?parent=758"}],"curies":[{"name":"wp","href":"https:\/\/api.w.org\/{rel}","templated":true}]}}