{"id":522,"date":"2010-08-26T23:09:29","date_gmt":"2010-08-26T21:09:29","guid":{"rendered":"https:\/\/francois-bousch.net\/compositeur\/presse\/"},"modified":"2021-11-25T16:18:20","modified_gmt":"2021-11-25T15:18:20","slug":"presse","status":"publish","type":"page","link":"https:\/\/francois-bousch.net\/compositeur\/presse\/","title":{"rendered":"Quelques coupures de Presse"},"content":{"rendered":"\n<h3 class=\"wp-block-heading\">Forces vives<\/h3>\n\n\n\n<p><strong>\u00ab\u00a0Le merveilleux \u00ab\u00a0Itin\u00e9raire\u00a0\u00bb\u00a0\u00bb<\/strong><br>La 2\u00e8me oeuvre, \u00ab\u00a0Forces vives\u00a0\u00bb de Fran\u00e7ois Bousch fut l&rsquo;apog\u00e9e du concert.<br>Utilisant toutes les possibilit\u00e9s d&rsquo;expression musicale : instruments traditionnels, \u00e9lectroacoustiques, bande magn\u00e9tique, voix humaine, cette oeuvre o\u00f9 r\u00e8gne une atmosph\u00e8re cosmique, est cependant pleine d&rsquo;humanit\u00e9. Cela non seulement par la puret\u00e9 de la voix de soprano de Nell Froger mais aussi par le traitement musical de certaines s\u00e9quences qui n&rsquo;est pas sans rappeler les plus grands moments beethov\u00e9niens.<br>Le final, sur le souffle s&rsquo;\u00e9teignant progressivement de la soprano, nous a fait penser que chez les latines, l&rsquo;air, la respiration et l&rsquo;esprit avait un m\u00eame nom \u00ab\u00a0anima\u00a0\u00bb.<br><em>C.Z. La Marseillaise \u2022 5.03.1982<\/em><\/p>\n\n\n\n<h3 class=\"wp-block-heading\">Ecrin d\u2019\u00e9ternit\u00e9<\/h3>\n\n\n\n<p>Au programme, tout d&rsquo;abord, une cr\u00e9ation de Fran\u00e7ois Bousch : \u00ab\u00a0\u00c9crin d&rsquo;\u00e9ternit\u00e9\u00a0\u00bb. Un bien joli titre pour une musique jou\u00e9e au millim\u00e8tre, ondulant comme la houle, et roulant comme un tonnerre. Un m\u00e9lange de s\u00e9r\u00e9nit\u00e9 et de violence, d&rsquo;esp\u00e9rance et d&rsquo;\u00e9chec, \u00e0 l&rsquo;image de la conqu\u00eate spatiale \u00e0 laquelle cette oeuvre est d\u00e9di\u00e9e.<br><em>A.D. Nouvelle R\u00e9publique \u2022 11-12.10.1986<\/em><\/p>\n\n\n\n<h3 class=\"wp-block-heading\">Quasar<\/h3>\n\n\n\n<p><strong>\u00ab\u00a0Space Op\u00e9ra aux Greniers Saint-Jean\u00a0\u00bb<\/strong><br>Il s&rsquo;est agi de cr\u00e9ations. Fran\u00e7ois Bousch d&rsquo;abord avec \u00ab\u00a0Quasar\u00a0\u00bb. D\u00e9j\u00e0 le titre se r\u00e9f\u00e8re aux myst\u00e8res des astres. La pi\u00e8ce est assur\u00e9e par les seules percussions, celles de l&rsquo;ensemble nantais de G\u00e9rard Hi\u00e9ronymus et les instruments d\u00e9licats d\u00e9licatement imitatifs de la nature de la Galerie Sonore, confi\u00e9s \u00e0 un groupe d&rsquo;enfants. A noter tout de suite avec quelle sensible attention les petits interpr\u00e8tes se sont acquitt\u00e9s de leur r\u00f4le. Et puis le contraste des percussions d&rsquo;orchestre et des subtiles et fragiles sonorit\u00e9s des voix des bois&nbsp; et \u00e9corces exotiques a cr\u00e9\u00e9 une distance comme un agrandissement de l&rsquo;espace investi. \u00ab\u00a0Quasar\u00a0\u00bb est une pi\u00e8ce ambitieuse de plus de trois quarts d&rsquo;heure, introduite par une bande enregistr\u00e9e au bord de l&rsquo;infrason. Les percussions qui vont s&rsquo;y inscrire semblent venir de tr\u00e8s loin, amenant les coups de vent des cymbales, puis le chuchotement des instruments extra-europ\u00e9ens. C&rsquo;est une musique pour r\u00eaver d&rsquo;abord, et puis qui s&rsquo;enfle, \u00e9clate, se disperse et s&rsquo;ach\u00e8ve dans un carillon tranquille, \u00e0 la mani\u00e8re d&rsquo;un heureux voyage.<br><em>Joseph Fumet, Le Courrier de l&rsquo;Ouest &#8211; 12.10.1989<\/em><\/p>\n\n\n\n<h3 class=\"wp-block-heading\">Spirales Insolites<\/h3>\n\n\n\n<p>Enfin Fran\u00e7ois Bousch qui dirigeait ce concert, l&rsquo;a conclu avec son oeuvre \u00ab\u00a0Spirales Insolites\u00a0\u00bb. Roger Tessier avait tenu \u00e0 le pr\u00e9ciser : il ne s&rsquo;agissait pas d&rsquo;une composition de circonstance \u00e0 finalit\u00e9 p\u00e9dagogique, mais d&rsquo;une pi\u00e8ce con\u00e7ue pour des professionnels de haut niveau. L&rsquo;ensemble du Conservatoire d&rsquo;Angers l&rsquo;a jou\u00e9e avec foi.<br>C&rsquo;est la mise en lumi\u00e8re des franges les plus lointaines du spectre sonore : la munificence de ces \u00ab\u00a0Spirales insolites\u00a0\u00bb s\u00e9duit d&#8217;embl\u00e9e. Et cette remuante architecture fascine : on passe des \u00ab\u00a0murmures de la for\u00eat\u00a0\u00bb \u00e0 l&rsquo;aventure cosmique ! Ce n&rsquo;est plus l&rsquo;extase de la contemplation mais l&rsquo;ivresse de l&rsquo;invention ! Les \u00ab\u00a0Spirales insolites\u00a0\u00bb ont fait c\u00f4t\u00e9 public un \u00ab\u00a0tabac\u00a0\u00bb !<br><em>Joseph Fumet, Le Courrier de l&rsquo;Ouest &#8211; 9.10.89<\/em><\/p>\n\n\n\n<h3 class=\"wp-block-heading\">Soleil M\u00e9moire<\/h3>\n\n\n\n<p>Soleil-m\u00e9moire de Fran\u00e7ois Bousch est \u00e0 mon sens l&rsquo;oeuvre la plus m\u00fbrie de la soir\u00e9e. L&rsquo;interaction des sons instrumentaux, produits par les fl\u00fbtes (Nicolas Brochot), la harpe (Fr\u00e9d\u00e9rique Garnier), et du Syter de Daniel Teruggi est, de toute mani\u00e8re une solution musicale d&rsquo;avenir (et de pr\u00e9sent aussi d&rsquo;ailleurs). L&rsquo;utilisation du Syter complique le jeu et produit un effet sc\u00e9nique, th\u00e9\u00e2tral, auquel on ne peut rester indiff\u00e9rent. Si l&rsquo;acousmatique est un au-del\u00e0 de la musique, la transformation en temps r\u00e9el permet un au del\u00e0 de l&rsquo;acousmatique, qui ajoute un \u00e9l\u00e9ment magique non n\u00e9gligeable. La fl\u00fbte devient instrument \u00e0 percussion, caisse de r\u00e9sonance. Que la harpiste brosse ses cordes comme une \u00e9l\u00e9gante d\u00e9m\u00eale sa chevelure et l&rsquo;on entend aussit\u00f4t passer un train ! Tel est le myst\u00e9rieux paradoxe de cette musique par ailleurs tr\u00e8s euphonique et sem\u00e9e de discrets rep\u00e8res tonaux. Fran\u00e7ois Bousch est de l&rsquo;Itin\u00e9raire, pays d&rsquo;un bonheur acoustique contemporain. Cela s&rsquo;entend.<br><em>Jacques Bonnaure, La Lettre du Musicien &#8211; 02.90<\/em><\/p>\n\n\n\n<h3 class=\"wp-block-heading\">Fissions d&rsquo;\u00e9chos<\/h3>\n\n\n\n<p>Le soliste \u00e9tait Fran\u00e7ois Bousch, l&rsquo;un des plus grands sp\u00e9cialistes de la guitare \u00e9lectrique. En fait, \u00e0 part quelques rares instants, on a compl\u00e8tement oubli\u00e9 l&rsquo;instrument cher \u00e0 Segovia. Mais ce qui nous a \u00e9t\u00e9 pr\u00e9sent\u00e9 \u00e9tait passionnant pour qui s&rsquo;int\u00e9resse peu ou prou aux techniques sonores contemporaines. Fran\u00e7ois Bousch a une mani\u00e8re bien \u00e0 lui de traiter son instrument qu&rsquo;il joue le plus souvent \u00e0 la fa\u00e7on d&rsquo;un psalt\u00e9rion. Quant aux \u00ab\u00a0plectres\u00a0\u00bb qui servaient \u00e0 pincer les cordes ils sont remplac\u00e9s par divers accessoires allant de la brosse aux aiguilles \u00e0 tricoter&#8230; Mais l&rsquo;essentiel tient dans l&rsquo;appareillage \u00e9lectronique, amplis, chambre d&rsquo;\u00e9cho, boucles d&rsquo;enregistrement qui permettent de prolonger certaines notes, celles-ci \u00e9tant transpos\u00e9es \u00e9lectroniquement, gr\u00e2ce \u00e0 des diviseurs ou des multiplicateurs de fr\u00e9quences. Certes on est loin de Bach ou de Sor, mais c&rsquo;est diablement int\u00e9ressant, et bien dans la ligne du r\u00e9cent festival \u00e9lectroacoustique.<br><em>Guy Bouchaud, Ouest France &#8211; 30.3.90<\/em><\/p>\n\n\n\n<p><a href=\"http:\/\/francois-bousch.net\/musique\/compositions\/fission-d-echos-1986\">Plus d&rsquo;information sur l&rsquo;\u0153uvre<\/a><\/p>\n","protected":false},"excerpt":{"rendered":"<h3>Forces vives<\/h3>\n<p><strong>&quot;Le merveilleux &quot;Itin&eacute;raire&quot;&quot;<\/strong><br \/>\nLa 2&egrave;me oeuvre, &quot;Forces vives&quot; de Fran&ccedil;ois Bousch fut l&#39;apog&eacute;e du concert.<\/p>\n","protected":false},"author":1,"featured_media":0,"parent":0,"menu_order":0,"comment_status":"closed","ping_status":"closed","template":"","meta":{"site-sidebar-layout":"default","site-content-layout":"","ast-site-content-layout":"default","site-content-style":"default","site-sidebar-style":"default","ast-global-header-display":"","ast-banner-title-visibility":"","ast-main-header-display":"","ast-hfb-above-header-display":"","ast-hfb-below-header-display":"","ast-hfb-mobile-header-display":"","site-post-title":"","ast-breadcrumbs-content":"","ast-featured-img":"","footer-sml-layout":"","theme-transparent-header-meta":"","adv-header-id-meta":"","stick-header-meta":"","header-above-stick-meta":"","header-main-stick-meta":"","header-below-stick-meta":"","astra-migrate-meta-layouts":"default","ast-page-background-enabled":"default","ast-page-background-meta":{"desktop":{"background-color":"var(--ast-global-color-4)","background-image":"","background-repeat":"repeat","background-position":"center center","background-size":"auto","background-attachment":"scroll","background-type":"","background-media":"","overlay-type":"","overlay-color":"","overlay-opacity":"","overlay-gradient":""},"tablet":{"background-color":"","background-image":"","background-repeat":"repeat","background-position":"center center","background-size":"auto","background-attachment":"scroll","background-type":"","background-media":"","overlay-type":"","overlay-color":"","overlay-opacity":"","overlay-gradient":""},"mobile":{"background-color":"","background-image":"","background-repeat":"repeat","background-position":"center center","background-size":"auto","background-attachment":"scroll","background-type":"","background-media":"","overlay-type":"","overlay-color":"","overlay-opacity":"","overlay-gradient":""}},"ast-content-background-meta":{"desktop":{"background-color":"var(--ast-global-color-5)","background-image":"","background-repeat":"repeat","background-position":"center center","background-size":"auto","background-attachment":"scroll","background-type":"","background-media":"","overlay-type":"","overlay-color":"","overlay-opacity":"","overlay-gradient":""},"tablet":{"background-color":"var(--ast-global-color-5)","background-image":"","background-repeat":"repeat","background-position":"center center","background-size":"auto","background-attachment":"scroll","background-type":"","background-media":"","overlay-type":"","overlay-color":"","overlay-opacity":"","overlay-gradient":""},"mobile":{"background-color":"var(--ast-global-color-5)","background-image":"","background-repeat":"repeat","background-position":"center center","background-size":"auto","background-attachment":"scroll","background-type":"","background-media":"","overlay-type":"","overlay-color":"","overlay-opacity":"","overlay-gradient":""}},"footnotes":""},"class_list":["post-522","page","type-page","status-publish","hentry"],"yoast_head":"<!-- This site is optimized with the Yoast SEO plugin v27.5 - https:\/\/yoast.com\/product\/yoast-seo-wordpress\/ -->\n<title>Quelques coupures de Presse - Fran\u00e7ois BOUSCH<\/title>\n<meta name=\"robots\" content=\"index, follow, max-snippet:-1, max-image-preview:large, max-video-preview:-1\" \/>\n<link rel=\"canonical\" href=\"https:\/\/francois-bousch.net\/compositeur\/presse\/\" \/>\n<meta property=\"og:locale\" content=\"fr_FR\" \/>\n<meta property=\"og:type\" content=\"article\" \/>\n<meta property=\"og:title\" content=\"Quelques coupures de Presse - Fran\u00e7ois BOUSCH\" \/>\n<meta property=\"og:description\" content=\"Forces vives  &quot;Le merveilleux &quot;Itin&eacute;raire&quot;&quot; La 2&egrave;me oeuvre, &quot;Forces vives&quot; de Fran&ccedil;ois Bousch fut l&#039;apog&eacute;e du concert.\" \/>\n<meta property=\"og:url\" content=\"https:\/\/francois-bousch.net\/compositeur\/presse\/\" \/>\n<meta property=\"og:site_name\" content=\"Fran\u00e7ois BOUSCH\" \/>\n<meta property=\"article:modified_time\" content=\"2021-11-25T15:18:20+00:00\" \/>\n<meta name=\"twitter:card\" content=\"summary_large_image\" \/>\n<meta name=\"twitter:label1\" content=\"Dur\u00e9e de lecture estim\u00e9e\" \/>\n\t<meta name=\"twitter:data1\" content=\"4 minutes\" \/>\n<script type=\"application\/ld+json\" class=\"yoast-schema-graph\">{\"@context\":\"https:\\\/\\\/schema.org\",\"@graph\":[{\"@type\":\"WebPage\",\"@id\":\"https:\\\/\\\/francois-bousch.net\\\/compositeur\\\/presse\\\/\",\"url\":\"https:\\\/\\\/francois-bousch.net\\\/compositeur\\\/presse\\\/\",\"name\":\"Quelques coupures de Presse - Fran\u00e7ois BOUSCH\",\"isPartOf\":{\"@id\":\"https:\\\/\\\/francois-bousch.net\\\/compositeur\\\/#website\"},\"datePublished\":\"2010-08-26T21:09:29+00:00\",\"dateModified\":\"2021-11-25T15:18:20+00:00\",\"breadcrumb\":{\"@id\":\"https:\\\/\\\/francois-bousch.net\\\/compositeur\\\/presse\\\/#breadcrumb\"},\"inLanguage\":\"fr-FR\",\"potentialAction\":[{\"@type\":\"ReadAction\",\"target\":[\"https:\\\/\\\/francois-bousch.net\\\/compositeur\\\/presse\\\/\"]}]},{\"@type\":\"BreadcrumbList\",\"@id\":\"https:\\\/\\\/francois-bousch.net\\\/compositeur\\\/presse\\\/#breadcrumb\",\"itemListElement\":[{\"@type\":\"ListItem\",\"position\":1,\"name\":\"Accueil\",\"item\":\"https:\\\/\\\/francois-bousch.net\\\/compositeur\\\/\"},{\"@type\":\"ListItem\",\"position\":2,\"name\":\"Quelques coupures de Presse\"}]},{\"@type\":\"WebSite\",\"@id\":\"https:\\\/\\\/francois-bousch.net\\\/compositeur\\\/#website\",\"url\":\"https:\\\/\\\/francois-bousch.net\\\/compositeur\\\/\",\"name\":\"Fran\u00e7ois BOUSCH\",\"description\":\"Compositeur | Musique contemporaine\",\"publisher\":{\"@id\":\"https:\\\/\\\/francois-bousch.net\\\/compositeur\\\/#\\\/schema\\\/person\\\/e485a4bc6378740a3986576819488fcf\"},\"potentialAction\":[{\"@type\":\"SearchAction\",\"target\":{\"@type\":\"EntryPoint\",\"urlTemplate\":\"https:\\\/\\\/francois-bousch.net\\\/compositeur\\\/?s={search_term_string}\"},\"query-input\":{\"@type\":\"PropertyValueSpecification\",\"valueRequired\":true,\"valueName\":\"search_term_string\"}}],\"inLanguage\":\"fr-FR\"},{\"@type\":[\"Person\",\"Organization\"],\"@id\":\"https:\\\/\\\/francois-bousch.net\\\/compositeur\\\/#\\\/schema\\\/person\\\/e485a4bc6378740a3986576819488fcf\",\"name\":\"Francois\",\"image\":{\"@type\":\"ImageObject\",\"inLanguage\":\"fr-FR\",\"@id\":\"https:\\\/\\\/francois-bousch.net\\\/compositeur\\\/wp-content\\\/uploads\\\/logo.png\",\"url\":\"https:\\\/\\\/francois-bousch.net\\\/compositeur\\\/wp-content\\\/uploads\\\/logo.png\",\"contentUrl\":\"https:\\\/\\\/francois-bousch.net\\\/compositeur\\\/wp-content\\\/uploads\\\/logo.png\",\"width\":230,\"height\":449,\"caption\":\"Francois\"},\"logo\":{\"@id\":\"https:\\\/\\\/francois-bousch.net\\\/compositeur\\\/wp-content\\\/uploads\\\/logo.png\"},\"sameAs\":[\"https:\\\/\\\/francois-bousch.net\"]}]}<\/script>\n<!-- \/ Yoast SEO plugin. -->","yoast_head_json":{"title":"Quelques coupures de Presse - Fran\u00e7ois BOUSCH","robots":{"index":"index","follow":"follow","max-snippet":"max-snippet:-1","max-image-preview":"max-image-preview:large","max-video-preview":"max-video-preview:-1"},"canonical":"https:\/\/francois-bousch.net\/compositeur\/presse\/","og_locale":"fr_FR","og_type":"article","og_title":"Quelques coupures de Presse - Fran\u00e7ois BOUSCH","og_description":"Forces vives  &quot;Le merveilleux &quot;Itin&eacute;raire&quot;&quot; La 2&egrave;me oeuvre, &quot;Forces vives&quot; de Fran&ccedil;ois Bousch fut l&#39;apog&eacute;e du concert.","og_url":"https:\/\/francois-bousch.net\/compositeur\/presse\/","og_site_name":"Fran\u00e7ois BOUSCH","article_modified_time":"2021-11-25T15:18:20+00:00","twitter_card":"summary_large_image","twitter_misc":{"Dur\u00e9e de lecture estim\u00e9e":"4 minutes"},"schema":{"@context":"https:\/\/schema.org","@graph":[{"@type":"WebPage","@id":"https:\/\/francois-bousch.net\/compositeur\/presse\/","url":"https:\/\/francois-bousch.net\/compositeur\/presse\/","name":"Quelques coupures de Presse - Fran\u00e7ois BOUSCH","isPartOf":{"@id":"https:\/\/francois-bousch.net\/compositeur\/#website"},"datePublished":"2010-08-26T21:09:29+00:00","dateModified":"2021-11-25T15:18:20+00:00","breadcrumb":{"@id":"https:\/\/francois-bousch.net\/compositeur\/presse\/#breadcrumb"},"inLanguage":"fr-FR","potentialAction":[{"@type":"ReadAction","target":["https:\/\/francois-bousch.net\/compositeur\/presse\/"]}]},{"@type":"BreadcrumbList","@id":"https:\/\/francois-bousch.net\/compositeur\/presse\/#breadcrumb","itemListElement":[{"@type":"ListItem","position":1,"name":"Accueil","item":"https:\/\/francois-bousch.net\/compositeur\/"},{"@type":"ListItem","position":2,"name":"Quelques coupures de Presse"}]},{"@type":"WebSite","@id":"https:\/\/francois-bousch.net\/compositeur\/#website","url":"https:\/\/francois-bousch.net\/compositeur\/","name":"Fran\u00e7ois BOUSCH","description":"Compositeur | Musique contemporaine","publisher":{"@id":"https:\/\/francois-bousch.net\/compositeur\/#\/schema\/person\/e485a4bc6378740a3986576819488fcf"},"potentialAction":[{"@type":"SearchAction","target":{"@type":"EntryPoint","urlTemplate":"https:\/\/francois-bousch.net\/compositeur\/?s={search_term_string}"},"query-input":{"@type":"PropertyValueSpecification","valueRequired":true,"valueName":"search_term_string"}}],"inLanguage":"fr-FR"},{"@type":["Person","Organization"],"@id":"https:\/\/francois-bousch.net\/compositeur\/#\/schema\/person\/e485a4bc6378740a3986576819488fcf","name":"Francois","image":{"@type":"ImageObject","inLanguage":"fr-FR","@id":"https:\/\/francois-bousch.net\/compositeur\/wp-content\/uploads\/logo.png","url":"https:\/\/francois-bousch.net\/compositeur\/wp-content\/uploads\/logo.png","contentUrl":"https:\/\/francois-bousch.net\/compositeur\/wp-content\/uploads\/logo.png","width":230,"height":449,"caption":"Francois"},"logo":{"@id":"https:\/\/francois-bousch.net\/compositeur\/wp-content\/uploads\/logo.png"},"sameAs":["https:\/\/francois-bousch.net"]}]}},"_links":{"self":[{"href":"https:\/\/francois-bousch.net\/compositeur\/wp-json\/wp\/v2\/pages\/522","targetHints":{"allow":["GET"]}}],"collection":[{"href":"https:\/\/francois-bousch.net\/compositeur\/wp-json\/wp\/v2\/pages"}],"about":[{"href":"https:\/\/francois-bousch.net\/compositeur\/wp-json\/wp\/v2\/types\/page"}],"author":[{"embeddable":true,"href":"https:\/\/francois-bousch.net\/compositeur\/wp-json\/wp\/v2\/users\/1"}],"replies":[{"embeddable":true,"href":"https:\/\/francois-bousch.net\/compositeur\/wp-json\/wp\/v2\/comments?post=522"}],"version-history":[{"count":1,"href":"https:\/\/francois-bousch.net\/compositeur\/wp-json\/wp\/v2\/pages\/522\/revisions"}],"predecessor-version":[{"id":1431,"href":"https:\/\/francois-bousch.net\/compositeur\/wp-json\/wp\/v2\/pages\/522\/revisions\/1431"}],"wp:attachment":[{"href":"https:\/\/francois-bousch.net\/compositeur\/wp-json\/wp\/v2\/media?parent=522"}],"curies":[{"name":"wp","href":"https:\/\/api.w.org\/{rel}","templated":true}]}}